{"id":56288,"date":"2025-03-31T17:21:43","date_gmt":"2025-03-31T15:21:43","guid":{"rendered":"https:\/\/www.factory4.lu\/?post_type=project&#038;p=56288"},"modified":"2025-04-08T11:48:12","modified_gmt":"2025-04-08T09:48:12","slug":"retraite-fitness-en-tunisie","status":"publish","type":"project","link":"https:\/\/www.factory4.lu\/en\/event\/retraite-fitness-en-tunisie\/","title":{"rendered":"Fitness retreat in Tunisia"},"content":{"rendered":"<p>[et_pb_section fb_built=\u00a0\u00bb1&Prime; fullwidth=\u00a0\u00bbon\u00a0\u00bb _builder_version=\u00a0\u00bb4.27.2&Prime; _module_preset=\u00a0\u00bbdefault\u00a0\u00bb global_colors_info=\u00a0\u00bb{}\u00a0\u00bb][et_pb_fullwidth_image src=\u00a0\u00bbhttps:\/\/www.factory4.lu\/wp-content\/uploads\/2025\/03\/andy-cat-C6r6RA-RVp8-unsplash-scaled.jpg\u00a0\u00bb alt=\u00a0\u00bbfao053-176&Prime; title_text=\u00a0\u00bbandy-cat-C6r6RA-RVp8-unsplash\u00a0\u00bb _builder_version=\u00a0\u00bb4.27.4&Prime; _module_preset=\u00a0\u00bbdefault\u00a0\u00bb global_colors_info=\u00a0\u00bb{}\u00a0\u00bb][\/et_pb_fullwidth_image][\/et_pb_section][et_pb_section fb_built=\u00a0\u00bb1&Prime; _builder_version=\u00a0\u00bb4.27.2&Prime; _module_preset=\u00a0\u00bbdefault\u00a0\u00bb global_colors_info=\u00a0\u00bb{}\u00a0\u00bb][et_pb_row use_custom_gutter=\u00a0\u00bbon\u00a0\u00bb gutter_width=\u00a0\u00bb1&Prime; make_equal=\u00a0\u00bbon\u00a0\u00bb _builder_version=\u00a0\u00bb4.27.2&Prime; _module_preset=\u00a0\u00bbdefault\u00a0\u00bb global_colors_info=\u00a0\u00bb{}\u00a0\u00bb][et_pb_column type=\u00a0\u00bb4_4&Prime; _builder_version=\u00a0\u00bb4.27.2&Prime; _module_preset=\u00a0\u00bbdefault\u00a0\u00bb global_colors_info=\u00a0\u00bb{}\u00a0\u00bb][et_pb_text _builder_version=\u00a0\u00bb4.27.4&Prime; _dynamic_attributes=\u00a0\u00bbcontent\u00a0\u00bb _module_preset=\u00a0\u00bbdefault\u00a0\u00bb global_colors_info=\u00a0\u00bb{}\u00a0\u00bb]@ET-DC@eyJkeW5hbWljIjp0cnVlLCJjb250ZW50IjoicG9zdF90aXRsZSIsInNldHRpbmdzIjp7ImJlZm9yZSI6IjxoMT4iLCJhZnRlciI6IjwvaDE+In19@[\/et_pb_text][et_pb_text _builder_version=\u00a0\u00bb4.27.4&Prime; _module_preset=\u00a0\u00bbdefault\u00a0\u00bb global_colors_info=\u00a0\u00bb{}\u00a0\u00bb]<\/p>\n<p>Djerba, Tunisia | 3.11.25 \u2013 8.11.25<\/p>\n<p>[\/et_pb_text][\/et_pb_column][\/et_pb_row][et_pb_row use_custom_gutter=\u00a0\u00bbon\u00a0\u00bb gutter_width=\u00a0\u00bb1&Prime; make_equal=\u00a0\u00bbon\u00a0\u00bb admin_label=\u00a0\u00bbLigne\u00a0\u00bb _builder_version=\u00a0\u00bb4.27.2&Prime; _module_preset=\u00a0\u00bbdefault\u00a0\u00bb global_colors_info=\u00a0\u00bb{}\u00a0\u00bb][et_pb_column type=\u00a0\u00bb4_4&Prime; _builder_version=\u00a0\u00bb4.27.2&Prime; _module_preset=\u00a0\u00bbdefault\u00a0\u00bb global_colors_info=\u00a0\u00bb{}\u00a0\u00bb][et_pb_text _builder_version=\u00a0\u00bb4.27.4&Prime; _module_preset=\u00a0\u00bbdefault\u00a0\u00bb custom_margin=\u00a0\u00bb||50px||false|false\u00a0\u00bb global_colors_info=\u00a0\u00bb{}\u00a0\u00bb]<\/p>\n<p><strong>What's waiting for you:<\/strong><\/p>\n<p>Dive into the captivating beauty of <strong data-start=\"37\" data-end=\"61\">Djerba, Tunisia<\/strong>, while transforming your fitness journey through daily sessions led by the incredible <strong data-start=\"166\" data-end=\"189\">Coach Pedro Goulart<\/strong>.<\/p>\n<p data-start=\"198\" data-end=\"494\">This week-long retreat offers you the perfect balance between <strong data-start=\"265\" data-end=\"335\">physical training, mental relaxation, and cultural discovery<\/strong>. Get ready to experience <strong data-start=\"363\" data-end=\"398\">unique training sessions<\/strong>, and moments of pure relaxation in an idyllic setting. Whether you're looking to push your limits or simply recharge under the Tunisian sun, this retreat promises personal growth, motivation, and unforgettable memories.<\/p>\n<p data-start=\"699\" data-end=\"727\" data-is-last-node=\"\" data-is-only-node=\"\">Ready for the adventure?<\/p>\n<p>[\/et_pb_text][\/et_pb_column][\/et_pb_row][et_pb_row column_structure=\u00a0\u00bb1_2,1_2&Prime; use_custom_gutter=\u00a0\u00bbon\u00a0\u00bb gutter_width=\u00a0\u00bb1&Prime; make_equal=\u00a0\u00bbon\u00a0\u00bb admin_label=\u00a0\u00bbLigne\u00a0\u00bb _builder_version=\u00a0\u00bb4.27.2&Prime; _module_preset=\u00a0\u00bbdefault\u00a0\u00bb global_colors_info=\u00a0\u00bb{}\u00a0\u00bb][et_pb_column type=\u00a0\u00bb1_2&Prime; _builder_version=\u00a0\u00bb4.27.2&Prime; _module_preset=\u00a0\u00bbdefault\u00a0\u00bb global_colors_info=\u00a0\u00bb{}\u00a0\u00bb][et_pb_text _builder_version=\u00a0\u00bb4.27.2&Prime; _module_preset=\u00a0\u00bbdefault\u00a0\u00bb custom_margin=\u00a0\u00bb||50px||false|false\u00a0\u00bb global_colors_info=\u00a0\u00bb{}\u00a0\u00bb]<\/p>\n<p><strong>What's included:<\/strong><br \/>Your retreat package of \u20ac1450 per person (\u20ac1600 from 31.05.25) includes everything you need for a worry-free experience. Enjoy round-trip flights, transfers to and from the hotel, as well as all-inclusive accommodation at one of the most beautiful hotels in Djerba \u2014 a 4-star resort known for its exceptional setting. Savour nutritious meals to fuel your body throughout the week, along with daily specialized fitness classes led by coach Pedro Goulart, designed to boost your strength, endurance, and overall well-being. You\u2019ll also enjoy organized group activities, access to the hotel\u2019s wellness facilities, and free time to discover the richness of the local culture.<\/p>\n<p>[\/et_pb_text][\/et_pb_column][et_pb_column type=\u00a0\u00bb1_2&Prime; _builder_version=\u00a0\u00bb4.27.2&Prime; _module_preset=\u00a0\u00bbdefault\u00a0\u00bb global_colors_info=\u00a0\u00bb{}\u00a0\u00bb][et_pb_image src=\u00a0\u00bbhttps:\/\/www.factory4.lu\/wp-content\/uploads\/2025\/03\/153915081.jpg\u00a0\u00bb alt=\u00a0\u00bbgabin-vallet-J154nEkpzlQ-unsplash\u00a0\u00bb title_text=\u00a0\u00bb153915081&Prime; _builder_version=\u00a0\u00bb4.27.4&Prime; _module_preset=\u00a0\u00bbdefault\u00a0\u00bb global_colors_info=\u00a0\u00bb{}\u00a0\u00bb][\/et_pb_image][\/et_pb_column][\/et_pb_row][et_pb_row column_structure=\u00a0\u00bb1_2,1_2&Prime; use_custom_gutter=\u00a0\u00bbon\u00a0\u00bb gutter_width=\u00a0\u00bb1&Prime; make_equal=\u00a0\u00bbon\u00a0\u00bb admin_label=\u00a0\u00bbLigne\u00a0\u00bb _builder_version=\u00a0\u00bb4.27.2&Prime; _module_preset=\u00a0\u00bbdefault\u00a0\u00bb global_colors_info=\u00a0\u00bb{}\u00a0\u00bb][et_pb_column type=\u00a0\u00bb1_2&Prime; _builder_version=\u00a0\u00bb4.27.2&Prime; _module_preset=\u00a0\u00bbdefault\u00a0\u00bb global_colors_info=\u00a0\u00bb{}\u00a0\u00bb][et_pb_text _builder_version=\u00a0\u00bb4.27.2&Prime; _module_preset=\u00a0\u00bbdefault\u00a0\u00bb custom_margin=\u00a0\u00bb||50px||false|false\u00a0\u00bb global_colors_info=\u00a0\u00bb{}\u00a0\u00bb]<strong>What's not included:<\/strong><br \/>\nBien que cette retraite couvre l&rsquo;essentiel, certains aspects ne sont pas inclus dans le forfait. L&rsquo;assurance voyage personnelle, les excursions optionnelles en dehors du programme de la retraite et toutes les d\u00e9penses personnelles telles que les souvenirs ou les soins suppl\u00e9mentaires au spa seront \u00e0 votre charge.\u00a0[\/et_pb_text][\/et_pb_column][et_pb_column type=\u00a0\u00bb1_2&Prime; _builder_version=\u00a0\u00bb4.27.2&Prime; _module_preset=\u00a0\u00bbdefault\u00a0\u00bb global_colors_info=\u00a0\u00bb{}\u00a0\u00bb][et_pb_image src=\u00a0\u00bbhttps:\/\/www.factory4.lu\/wp-content\/uploads\/2025\/03\/gaspar-zaldo-PXNCRW25-6I-unsplash-scaled.jpg\u00a0\u00bb alt=\u00a0\u00bbhuum-NHLS5hOSH0c-unsplash\u00a0\u00bb title_text=\u00a0\u00bbgaspar-zaldo-PXNCRW25-6I-unsplash\u00a0\u00bb _builder_version=\u00a0\u00bb4.27.4&Prime; _module_preset=\u00a0\u00bbdefault\u00a0\u00bb global_colors_info=\u00a0\u00bb{}\u00a0\u00bb][\/et_pb_image][\/et_pb_column][\/et_pb_row][et_pb_row column_structure=\u00a0\u00bb1_2,1_2&Prime; use_custom_gutter=\u00a0\u00bbon\u00a0\u00bb gutter_width=\u00a0\u00bb1&Prime; make_equal=\u00a0\u00bbon\u00a0\u00bb admin_label=\u00a0\u00bbLigne\u00a0\u00bb _builder_version=\u00a0\u00bb4.27.2&Prime; _module_preset=\u00a0\u00bbdefault\u00a0\u00bb global_colors_info=\u00a0\u00bb{}\u00a0\u00bb][et_pb_column type=\u00a0\u00bb1_2&Prime; _builder_version=\u00a0\u00bb4.27.2&Prime; _module_preset=\u00a0\u00bbdefault\u00a0\u00bb global_colors_info=\u00a0\u00bb{}\u00a0\u00bb][et_pb_text _builder_version=\u00a0\u00bb4.27.2&Prime; _module_preset=\u00a0\u00bbdefault\u00a0\u00bb custom_margin=\u00a0\u00bb||50px||false|false\u00a0\u00bb global_colors_info=\u00a0\u00bb{}\u00a0\u00bb]<\/p>\n<p><strong>The training experience:<\/strong><br \/>Coach Pedro Goulart will guide you through a range of invigorating activities. One class and one activity per day: start your day gently with a yoga or tai chi session by the sea, in a peaceful and inspiring setting, followed in the afternoon by a relaxing activity of your choice, such as beach volleyball, aqua gym, p\u00e9tanque, and much more.<\/p>\n<p>[\/et_pb_text][\/et_pb_column][et_pb_column type=\u00a0\u00bb1_2&Prime; _builder_version=\u00a0\u00bb4.27.2&Prime; _module_preset=\u00a0\u00bbdefault\u00a0\u00bb global_colors_info=\u00a0\u00bb{}\u00a0\u00bb][et_pb_image src=\u00a0\u00bbhttps:\/\/www.factory4.lu\/wp-content\/uploads\/2025\/03\/unsplash-c59hEeerAaI-unsplash-scaled.jpg\u00a0\u00bb alt=\u00a0\u00bbgabin-vallet-J154nEkpzlQ-unsplash (1)\u00a0\u00bb title_text=\u00a0\u00bbunsplash-c59hEeerAaI-unsplash\u00a0\u00bb _builder_version=\u00a0\u00bb4.27.4&Prime; _module_preset=\u00a0\u00bbdefault\u00a0\u00bb global_colors_info=\u00a0\u00bb{}\u00a0\u00bb][\/et_pb_image][\/et_pb_column][\/et_pb_row][et_pb_row column_structure=\u00a0\u00bb1_2,1_2&Prime; use_custom_gutter=\u00a0\u00bbon\u00a0\u00bb gutter_width=\u00a0\u00bb1&Prime; make_equal=\u00a0\u00bbon\u00a0\u00bb admin_label=\u00a0\u00bbLigne\u00a0\u00bb _builder_version=\u00a0\u00bb4.27.2&Prime; _module_preset=\u00a0\u00bbdefault\u00a0\u00bb global_colors_info=\u00a0\u00bb{}\u00a0\u00bb][et_pb_column type=\u00a0\u00bb1_2&Prime; _builder_version=\u00a0\u00bb4.27.2&Prime; _module_preset=\u00a0\u00bbdefault\u00a0\u00bb global_colors_info=\u00a0\u00bb{}\u00a0\u00bb][et_pb_text _builder_version=\u00a0\u00bb4.27.2&Prime; _module_preset=\u00a0\u00bbdefault\u00a0\u00bb custom_margin=\u00a0\u00bb||50px||false|false\u00a0\u00bb global_colors_info=\u00a0\u00bb{}\u00a0\u00bb]<\/p>\n<p><strong>The beach resort:<\/strong><br \/>Located by the sea, this all-inclusive resort offers a peaceful setting in the heart of beautifully maintained gardens, with direct access to a stunning sandy beach. It features comfortable rooms, two outdoor pools, a wellness centre with a spa, sauna, and hammam, as well as a modern fitness room. You can enjoy several restaurants and bars, a varied entertainment program, and attentive service for a truly relaxing stay. The ideal place to unwind, recharge, and soak up the Djerba sun in an enchanting environment.<\/p>\n<p>[\/et_pb_text][\/et_pb_column][et_pb_column type=\u00a0\u00bb1_2&Prime; _builder_version=\u00a0\u00bb4.27.2&Prime; _module_preset=\u00a0\u00bbdefault\u00a0\u00bb global_colors_info=\u00a0\u00bb{}\u00a0\u00bb][et_pb_image src=\u00a0\u00bbhttps:\/\/www.factory4.lu\/wp-content\/uploads\/2025\/03\/256531166.jpg\u00a0\u00bb alt=\u00a0\u00bbgabin-vallet-J154nEkpzlQ-unsplash (1)\u00a0\u00bb title_text=\u00a0\u00bb256531166&Prime; _builder_version=\u00a0\u00bb4.27.4&Prime; _module_preset=\u00a0\u00bbdefault\u00a0\u00bb global_colors_info=\u00a0\u00bb{}\u00a0\u00bb][\/et_pb_image][\/et_pb_column][\/et_pb_row][et_pb_row column_structure=\u00a0\u00bb1_2,1_2&Prime; use_custom_gutter=\u00a0\u00bbon\u00a0\u00bb gutter_width=\u00a0\u00bb1&Prime; make_equal=\u00a0\u00bbon\u00a0\u00bb admin_label=\u00a0\u00bbLigne\u00a0\u00bb _builder_version=\u00a0\u00bb4.27.2&Prime; _module_preset=\u00a0\u00bbdefault\u00a0\u00bb global_colors_info=\u00a0\u00bb{}\u00a0\u00bb][et_pb_column type=\u00a0\u00bb1_2&Prime; _builder_version=\u00a0\u00bb4.27.2&Prime; _module_preset=\u00a0\u00bbdefault\u00a0\u00bb global_colors_info=\u00a0\u00bb{}\u00a0\u00bb][et_pb_text _builder_version=\u00a0\u00bb4.27.2&Prime; _module_preset=\u00a0\u00bbdefault\u00a0\u00bb custom_margin=\u00a0\u00bb||50px||false|false\u00a0\u00bb global_colors_info=\u00a0\u00bb{}\u00a0\u00bb]<strong>Last but not least:<\/strong><br \/>\nEn plus des s\u00e9ances de fitness, vous aurez beaucoup de temps libre pour explorer la belle ville, vous d\u00e9tendre et profiter de moments tranquilles en solitaire, ou vous r\u00e9unir avec des amis pour cr\u00e9er des souvenirs inoubliables. Cette retraite offre le parfait \u00e9quilibre entre entra\u00eenement structur\u00e9 et moments de d\u00e9tente, vous donnant la libert\u00e9 de recharger vos batteries et de profiter de votre environnement \u00e0 votre rythme.[\/et_pb_text][\/et_pb_column][et_pb_column type=\u00a0\u00bb1_2&Prime; _builder_version=\u00a0\u00bb4.27.2&Prime; _module_preset=\u00a0\u00bbdefault\u00a0\u00bb global_colors_info=\u00a0\u00bb{}\u00a0\u00bb][et_pb_image src=\u00a0\u00bbhttps:\/\/www.factory4.lu\/wp-content\/uploads\/2025\/03\/michele-chapman-6EAXM3e-JM0-unsplash-scaled.jpg\u00a0\u00bb alt=\u00a0\u00bbgabin-vallet-J154nEkpzlQ-unsplash (1)\u00a0\u00bb title_text=\u00a0\u00bbmichele-chapman-6EAXM3e-JM0-unsplash\u00a0\u00bb _builder_version=\u00a0\u00bb4.27.4&Prime; _module_preset=\u00a0\u00bbdefault\u00a0\u00bb global_colors_info=\u00a0\u00bb{}\u00a0\u00bb][\/et_pb_image][\/et_pb_column][\/et_pb_row][et_pb_row use_custom_gutter=\u00a0\u00bbon\u00a0\u00bb gutter_width=\u00a0\u00bb1&Prime; make_equal=\u00a0\u00bbon\u00a0\u00bb admin_label=\u00a0\u00bbLigne\u00a0\u00bb _builder_version=\u00a0\u00bb4.27.2&Prime; _module_preset=\u00a0\u00bbdefault\u00a0\u00bb custom_margin=\u00a0\u00bb||0px||false|false\u00a0\u00bb global_colors_info=\u00a0\u00bb{}\u00a0\u00bb][et_pb_column type=\u00a0\u00bb4_4&Prime; _builder_version=\u00a0\u00bb4.27.2&Prime; _module_preset=\u00a0\u00bbdefault\u00a0\u00bb global_colors_info=\u00a0\u00bb{}\u00a0\u00bb][et_pb_text _builder_version=\u00a0\u00bb4.27.2&Prime; _module_preset=\u00a0\u00bbdefault\u00a0\u00bb custom_margin=\u00a0\u00bb||-15px||false|false\u00a0\u00bb global_colors_info=\u00a0\u00bb{}\u00a0\u00bb]<\/p>\n<p><strong>Your hosts\u00a0\u00a0\u00a0<\/strong><\/p>\n<p>[\/et_pb_text][\/et_pb_column][\/et_pb_row][et_pb_row column_structure=\u00a0\u00bb1_2,1_2&Prime; use_custom_gutter=\u00a0\u00bbon\u00a0\u00bb gutter_width=\u00a0\u00bb1&Prime; make_equal=\u00a0\u00bbon\u00a0\u00bb disabled_on=\u00a0\u00bbon|off|off\u00a0\u00bb admin_label=\u00a0\u00bbLigne\u00a0\u00bb _builder_version=\u00a0\u00bb4.27.2&Prime; _module_preset=\u00a0\u00bbdefault\u00a0\u00bb custom_margin=\u00a0\u00bb|auto|-49px|auto||\u00a0\u00bb custom_padding=\u00a0\u00bb0px||0px|||\u00a0\u00bb global_colors_info=\u00a0\u00bb{}\u00a0\u00bb][et_pb_column type=\u00a0\u00bb1_2&Prime; _builder_version=\u00a0\u00bb4.27.2&Prime; _module_preset=\u00a0\u00bbdefault\u00a0\u00bb global_colors_info=\u00a0\u00bb{}\u00a0\u00bb][et_pb_text disabled_on=\u00a0\u00bboff|off|off\u00a0\u00bb _builder_version=\u00a0\u00bb4.27.4&Prime; _module_preset=\u00a0\u00bbdefault\u00a0\u00bb custom_margin=\u00a0\u00bb||50px||false|false\u00a0\u00bb custom_padding=\u00a0\u00bb||3px|||\u00a0\u00bb global_colors_info=\u00a0\u00bb{}\u00a0\u00bb]<\/p>\n<p>Coach Pedro Goulart<\/p>\n<p>[\/et_pb_text][\/et_pb_column][et_pb_column type=\u00a0\u00bb1_2&Prime; _builder_version=\u00a0\u00bb4.27.2&Prime; _module_preset=\u00a0\u00bbdefault\u00a0\u00bb global_colors_info=\u00a0\u00bb{}\u00a0\u00bb][et_pb_text disabled_on=\u00a0\u00bbon|off|off\u00a0\u00bb _builder_version=\u00a0\u00bb4.27.2&Prime; _module_preset=\u00a0\u00bbdefault\u00a0\u00bb custom_margin=\u00a0\u00bb||50px||false|false\u00a0\u00bb global_colors_info=\u00a0\u00bb{}\u00a0\u00bb]<\/p>\n<p>&nbsp; &nbsp;Naoufel Saidani<\/p>\n<p>[\/et_pb_text][\/et_pb_column][\/et_pb_row][et_pb_row column_structure=\u00a0\u00bb1_2,1_2&Prime; use_custom_gutter=\u00a0\u00bbon\u00a0\u00bb gutter_width=\u00a0\u00bb2&Prime; make_equal=\u00a0\u00bbon\u00a0\u00bb admin_label=\u00a0\u00bbLigne\u00a0\u00bb _builder_version=\u00a0\u00bb4.27.2&Prime; _module_preset=\u00a0\u00bbdefault\u00a0\u00bb custom_padding=\u00a0\u00bb9px|||||\u00a0\u00bb global_colors_info=\u00a0\u00bb{}\u00a0\u00bb][et_pb_column type=\u00a0\u00bb1_2&Prime; _builder_version=\u00a0\u00bb4.27.2&Prime; _module_preset=\u00a0\u00bbdefault\u00a0\u00bb global_colors_info=\u00a0\u00bb{}\u00a0\u00bb][et_pb_image src=\u00a0\u00bbhttps:\/\/www.factory4.lu\/wp-content\/uploads\/2025\/04\/Pedro-G-compresses.png\u00a0\u00bb alt=\u00a0\u00bbimage00012&Prime; title_text=\u00a0\u00bbPedro G compresses\u00a0\u00bb url=\u00a0\u00bbhttps:\/\/www.instagram.com\/the_coach_pedro\/\u00a0\u00bb _builder_version=\u00a0\u00bb4.27.4&Prime; _module_preset=\u00a0\u00bbdefault\u00a0\u00bb global_colors_info=\u00a0\u00bb{}\u00a0\u00bb][\/et_pb_image][\/et_pb_column][et_pb_column type=\u00a0\u00bb1_2&Prime; _builder_version=\u00a0\u00bb4.27.2&Prime; _module_preset=\u00a0\u00bbdefault\u00a0\u00bb global_colors_info=\u00a0\u00bb{}\u00a0\u00bb][et_pb_image src=\u00a0\u00bbhttps:\/\/www.factory4.lu\/wp-content\/uploads\/2024\/10\/image00012.webp\u00a0\u00bb alt=\u00a0\u00bbPedro\u00a0\u00bb title_text=\u00a0\u00bbimage00012&Prime; _builder_version=\u00a0\u00bb4.27.2&Prime; _module_preset=\u00a0\u00bbdefault\u00a0\u00bb global_colors_info=\u00a0\u00bb{}\u00a0\u00bb][\/et_pb_image][\/et_pb_column][\/et_pb_row][et_pb_row use_custom_gutter=\u00a0\u00bbon\u00a0\u00bb gutter_width=\u00a0\u00bb1&Prime; make_equal=\u00a0\u00bbon\u00a0\u00bb admin_label=\u00a0\u00bbLigne\u00a0\u00bb _builder_version=\u00a0\u00bb4.27.2&Prime; _module_preset=\u00a0\u00bbdefault\u00a0\u00bb custom_padding=\u00a0\u00bb0px||10px|||\u00a0\u00bb global_colors_info=\u00a0\u00bb{}\u00a0\u00bb][et_pb_column type=\u00a0\u00bb4_4&Prime; _builder_version=\u00a0\u00bb4.27.2&Prime; _module_preset=\u00a0\u00bbdefault\u00a0\u00bb global_colors_info=\u00a0\u00bb{}\u00a0\u00bb][et_pb_text _builder_version=\u00a0\u00bb4.27.2&Prime; _module_preset=\u00a0\u00bbdefault\u00a0\u00bb custom_margin=\u00a0\u00bb||29px||false|false\u00a0\u00bb global_colors_info=\u00a0\u00bb{}\u00a0\u00bb]<\/p>\n<p><strong>How to register:\u00a0<\/strong><br \/>We have only 20 exclusive spots available for this fitness retreat.<\/p>\n<p>To reserve your spot, click the button below, fill out the form, and we will send you the payment details to finalise your registration. If you have any additional questions, feel free to email Naoufel at naoufel.saidani@factory4.lu, and he will assist you.\nNOTE: to guarantee you the best pricing options, payment must be made shortly after registration.<\/p>\n<p>Don\u2019t miss the opportunity to transform your fitness while enjoying a beautiful getaway. Reserve your spot today before it\u2019s too late!<\/p>\n<p>[\/et_pb_text][\/et_pb_column][\/et_pb_row][et_pb_row _builder_version=\u00a0\u00bb4.27.2&Prime; _module_preset=\u00a0\u00bbdefault\u00a0\u00bb global_colors_info=\u00a0\u00bb{}\u00a0\u00bb][et_pb_column type=\u00a0\u00bb4_4&Prime; _builder_version=\u00a0\u00bb4.27.2&Prime; _module_preset=\u00a0\u00bbdefault\u00a0\u00bb global_colors_info=\u00a0\u00bb{}\u00a0\u00bb][et_pb_cta title=\u00a0\u00bbR\u00e9servez votre place maintenant\u00a0\u00bb button_url=\u00a0\u00bbhttps:\/\/share.hsforms.com\/1JSlL9bnHRre7x3qupLyQog17jx3&Prime; button_text=\u00a0\u00bbEn cliquant ici\u00a0\u00bb _builder_version=\u00a0\u00bb4.27.4&Prime; _module_preset=\u00a0\u00bbdefault\u00a0\u00bb custom_margin=\u00a0\u00bb||31px|||\u00a0\u00bb link_option_url=\u00a0\u00bbhttps:\/\/share.hsforms.com\/1JSlL9bnHRre7x3qupLyQog17jx3&Prime; global_colors_info=\u00a0\u00bb{}\u00a0\u00bb][\/et_pb_cta][et_pb_cta button_url=\u00a0\u00bbhttps:\/\/www.factory4.lu\/wp-content\/uploads\/2025\/01\/Disclaimers.pdf\u00a0\u00bb button_text=\u00a0\u00bbConditions g\u00e9n\u00e9rales\u00a0\u00bb disabled_on=\u00a0\u00bboff|off|on\u00a0\u00bb _builder_version=\u00a0\u00bb4.27.2&Prime; _module_preset=\u00a0\u00bbdefault\u00a0\u00bb custom_margin=\u00a0\u00bb15px||5px|||\u00a0\u00bb link_option_url=\u00a0\u00bbhttps:\/\/www.factory4.lu\/wp-content\/uploads\/2025\/01\/Disclaimers.pdf\u00a0\u00bb global_colors_info=\u00a0\u00bb{}\u00a0\u00bb][\/et_pb_cta][et_pb_cta button_url=\u00a0\u00bbhttps:\/\/www.factory4.lu\/wp-content\/uploads\/2025\/01\/Disclaimers.pdf\u00a0\u00bb button_text=\u00a0\u00bbConditions g\u00e9n\u00e9rales\u00a0\u00bb disabled_on=\u00a0\u00bbon|on|off\u00a0\u00bb _builder_version=\u00a0\u00bb4.27.2&Prime; _module_preset=\u00a0\u00bbdefault\u00a0\u00bb min_height=\u00a0\u00bb100px\u00a0\u00bb custom_margin=\u00a0\u00bb25px|||||\u00a0\u00bb custom_padding=\u00a0\u00bb24px||0px|||\u00a0\u00bb link_option_url=\u00a0\u00bbhttps:\/\/www.factory4.lu\/wp-content\/uploads\/2025\/01\/Disclaimers.pdf\u00a0\u00bb global_colors_info=\u00a0\u00bb{}\u00a0\u00bb][\/et_pb_cta][\/et_pb_column][\/et_pb_row][et_pb_row use_custom_gutter=\u00a0\u00bbon\u00a0\u00bb gutter_width=\u00a0\u00bb1&Prime; make_equal=\u00a0\u00bbon\u00a0\u00bb _builder_version=\u00a0\u00bb4.27.2&Prime; _module_preset=\u00a0\u00bbdefault\u00a0\u00bb global_colors_info=\u00a0\u00bb{}\u00a0\u00bb][et_pb_column type=\u00a0\u00bb4_4&Prime; _builder_version=\u00a0\u00bb4.27.2&Prime; _module_preset=\u00a0\u00bbdefault\u00a0\u00bb global_colors_info=\u00a0\u00bb{}\u00a0\u00bb][et_pb_gallery gallery_ids=\u00a0\u00bb56304,56301,56315,55936,56316,56307,56306,55943,55945,55947,55948,55950,56312,56317,56308,56311&Prime; posts_number=\u00a0\u00bb16&Prime; show_title_and_caption=\u00a0\u00bboff\u00a0\u00bb show_pagination=\u00a0\u00bboff\u00a0\u00bb zoom_icon_color=\u00a0\u00bb#101010&Prime; _builder_version=\u00a0\u00bb4.27.4&Prime; _module_preset=\u00a0\u00bbdefault\u00a0\u00bb border_width_all=\u00a0\u00bb2px\u00a0\u00bb border_color_all=\u00a0\u00bb#FFFFFF\u00a0\u00bb global_colors_info=\u00a0\u00bb{}\u00a0\u00bb][\/et_pb_gallery][\/et_pb_column][\/et_pb_row][\/et_pb_section]<\/p>","protected":false},"excerpt":{"rendered":"<p>Djerba, Tunisie | 3.11.25 &#8211; 8.11.25Ce qui vous attend: Plongez dans la beaut\u00e9 envo\u00fbtante de Djerba, en Tunisie, tout en transformant votre parcours fitness gr\u00e2ce \u00e0 des s\u00e9ances quotidiennes dirig\u00e9es par l&rsquo;incroyable Coach Pedro Goulart. Cette retraite d&rsquo;une semaine vous offre un \u00e9quilibre parfait entre entra\u00eenement physique, relaxation mentale et d\u00e9couverte culturelle. Pr\u00e9parez-vous \u00e0 vivre [&hellip;]<\/p>","protected":false},"author":16,"featured_media":55955,"comment_status":"open","ping_status":"closed","template":"","meta":{"_et_pb_use_builder":"on","_et_pb_old_content":"","_et_gb_content_width":"","content-type":"","inline_featured_image":false,"ngg_post_thumbnail":0,"footnotes":""},"project_category":[],"project_tag":[],"class_list":["post-56288","project","type-project","status-publish","has-post-thumbnail","hentry"],"yoast_head":"<!-- This site is optimized with the Yoast SEO plugin v26.8 - https:\/\/yoast.com\/product\/yoast-seo-wordpress\/ -->\n<title>Retraite Fitness en Tunisie - Factory 4 SA<\/title>\n<meta name=\"robots\" content=\"noindex, follow\" \/>\n<meta property=\"og:locale\" content=\"en_GB\" \/>\n<meta property=\"og:type\" content=\"article\" \/>\n<meta property=\"og:title\" content=\"Retraite Fitness en Tunisie - Factory 4 SA\" \/>\n<meta property=\"og:description\" content=\"Djerba, Tunisie | 3.11.25 - 8.11.25Ce qui vous attend: Plongez dans la beaut\u00e9 envo\u00fbtante de Djerba, en Tunisie, tout en transformant votre parcours fitness gr\u00e2ce \u00e0 des s\u00e9ances quotidiennes dirig\u00e9es par l&#039;incroyable Coach Pedro Goulart. Cette retraite d&#039;une semaine vous offre un \u00e9quilibre parfait entre entra\u00eenement physique, relaxation mentale et d\u00e9couverte culturelle. Pr\u00e9parez-vous \u00e0 vivre [&hellip;]\" \/>\n<meta property=\"og:url\" content=\"https:\/\/www.factory4.lu\/en\/event\/retraite-fitness-en-tunisie\/\" \/>\n<meta property=\"og:site_name\" content=\"Factory 4 SA\" \/>\n<meta property=\"article:modified_time\" content=\"2025-04-08T09:48:12+00:00\" \/>\n<meta property=\"og:image\" content=\"https:\/\/www.factory4.lu\/wp-content\/uploads\/2024\/10\/gabin-vallet-J154nEkpzlQ-unsplash.webp\" \/>\n\t<meta property=\"og:image:width\" content=\"960\" \/>\n\t<meta property=\"og:image:height\" content=\"640\" \/>\n\t<meta property=\"og:image:type\" content=\"image\/webp\" \/>\n<meta name=\"twitter:card\" content=\"summary_large_image\" \/>\n<meta name=\"twitter:label1\" content=\"Estimated reading time\" \/>\n\t<meta name=\"twitter:data1\" content=\"10 minutes\" \/>\n<script type=\"application\/ld+json\" class=\"yoast-schema-graph\">{\"@context\":\"https:\/\/schema.org\",\"@graph\":[{\"@type\":\"WebPage\",\"@id\":\"https:\/\/www.factory4.lu\/event\/retraite-fitness-en-tunisie\/\",\"url\":\"https:\/\/www.factory4.lu\/event\/retraite-fitness-en-tunisie\/\",\"name\":\"Retraite Fitness en Tunisie - Factory 4 SA\",\"isPartOf\":{\"@id\":\"https:\/\/www.factory4.lu\/#website\"},\"primaryImageOfPage\":{\"@id\":\"https:\/\/www.factory4.lu\/event\/retraite-fitness-en-tunisie\/#primaryimage\"},\"image\":{\"@id\":\"https:\/\/www.factory4.lu\/event\/retraite-fitness-en-tunisie\/#primaryimage\"},\"thumbnailUrl\":\"https:\/\/www.factory4.lu\/wp-content\/uploads\/2024\/10\/gabin-vallet-J154nEkpzlQ-unsplash.webp\",\"datePublished\":\"2025-03-31T15:21:43+00:00\",\"dateModified\":\"2025-04-08T09:48:12+00:00\",\"breadcrumb\":{\"@id\":\"https:\/\/www.factory4.lu\/event\/retraite-fitness-en-tunisie\/#breadcrumb\"},\"inLanguage\":\"en-GB\",\"potentialAction\":[{\"@type\":\"ReadAction\",\"target\":[\"https:\/\/www.factory4.lu\/event\/retraite-fitness-en-tunisie\/\"]}]},{\"@type\":\"ImageObject\",\"inLanguage\":\"en-GB\",\"@id\":\"https:\/\/www.factory4.lu\/event\/retraite-fitness-en-tunisie\/#primaryimage\",\"url\":\"https:\/\/www.factory4.lu\/wp-content\/uploads\/2024\/10\/gabin-vallet-J154nEkpzlQ-unsplash.webp\",\"contentUrl\":\"https:\/\/www.factory4.lu\/wp-content\/uploads\/2024\/10\/gabin-vallet-J154nEkpzlQ-unsplash.webp\",\"width\":960,\"height\":640},{\"@type\":\"BreadcrumbList\",\"@id\":\"https:\/\/www.factory4.lu\/event\/retraite-fitness-en-tunisie\/#breadcrumb\",\"itemListElement\":[{\"@type\":\"ListItem\",\"position\":1,\"name\":\"Accueil\",\"item\":\"https:\/\/www.factory4.lu\/\"},{\"@type\":\"ListItem\",\"position\":2,\"name\":\"Projets\",\"item\":\"https:\/\/www.factory4.lu\/project\/\"},{\"@type\":\"ListItem\",\"position\":3,\"name\":\"Retraite Fitness en Tunisie\"}]},{\"@type\":\"WebSite\",\"@id\":\"https:\/\/www.factory4.lu\/#website\",\"url\":\"https:\/\/www.factory4.lu\/\",\"name\":\"Factory 4 SA\",\"description\":\"\",\"potentialAction\":[{\"@type\":\"SearchAction\",\"target\":{\"@type\":\"EntryPoint\",\"urlTemplate\":\"https:\/\/www.factory4.lu\/?s={search_term_string}\"},\"query-input\":{\"@type\":\"PropertyValueSpecification\",\"valueRequired\":true,\"valueName\":\"search_term_string\"}}],\"inLanguage\":\"en-GB\"}]}<\/script>\n<!-- \/ Yoast SEO plugin. -->","yoast_head_json":{"title":"Retraite Fitness en Tunisie - Factory 4 SA","robots":{"index":"noindex","follow":"follow"},"og_locale":"en_GB","og_type":"article","og_title":"Retraite Fitness en Tunisie - Factory 4 SA","og_description":"Djerba, Tunisie | 3.11.25 - 8.11.25Ce qui vous attend: Plongez dans la beaut\u00e9 envo\u00fbtante de Djerba, en Tunisie, tout en transformant votre parcours fitness gr\u00e2ce \u00e0 des s\u00e9ances quotidiennes dirig\u00e9es par l'incroyable Coach Pedro Goulart. Cette retraite d'une semaine vous offre un \u00e9quilibre parfait entre entra\u00eenement physique, relaxation mentale et d\u00e9couverte culturelle. Pr\u00e9parez-vous \u00e0 vivre [&hellip;]","og_url":"https:\/\/www.factory4.lu\/en\/event\/retraite-fitness-en-tunisie\/","og_site_name":"Factory 4 SA","article_modified_time":"2025-04-08T09:48:12+00:00","og_image":[{"width":960,"height":640,"url":"https:\/\/www.factory4.lu\/wp-content\/uploads\/2024\/10\/gabin-vallet-J154nEkpzlQ-unsplash.webp","type":"image\/webp"}],"twitter_card":"summary_large_image","twitter_misc":{"Estimated reading time":"10 minutes"},"schema":{"@context":"https:\/\/schema.org","@graph":[{"@type":"WebPage","@id":"https:\/\/www.factory4.lu\/event\/retraite-fitness-en-tunisie\/","url":"https:\/\/www.factory4.lu\/event\/retraite-fitness-en-tunisie\/","name":"Retraite Fitness en Tunisie - Factory 4 SA","isPartOf":{"@id":"https:\/\/www.factory4.lu\/#website"},"primaryImageOfPage":{"@id":"https:\/\/www.factory4.lu\/event\/retraite-fitness-en-tunisie\/#primaryimage"},"image":{"@id":"https:\/\/www.factory4.lu\/event\/retraite-fitness-en-tunisie\/#primaryimage"},"thumbnailUrl":"https:\/\/www.factory4.lu\/wp-content\/uploads\/2024\/10\/gabin-vallet-J154nEkpzlQ-unsplash.webp","datePublished":"2025-03-31T15:21:43+00:00","dateModified":"2025-04-08T09:48:12+00:00","breadcrumb":{"@id":"https:\/\/www.factory4.lu\/event\/retraite-fitness-en-tunisie\/#breadcrumb"},"inLanguage":"en-GB","potentialAction":[{"@type":"ReadAction","target":["https:\/\/www.factory4.lu\/event\/retraite-fitness-en-tunisie\/"]}]},{"@type":"ImageObject","inLanguage":"en-GB","@id":"https:\/\/www.factory4.lu\/event\/retraite-fitness-en-tunisie\/#primaryimage","url":"https:\/\/www.factory4.lu\/wp-content\/uploads\/2024\/10\/gabin-vallet-J154nEkpzlQ-unsplash.webp","contentUrl":"https:\/\/www.factory4.lu\/wp-content\/uploads\/2024\/10\/gabin-vallet-J154nEkpzlQ-unsplash.webp","width":960,"height":640},{"@type":"BreadcrumbList","@id":"https:\/\/www.factory4.lu\/event\/retraite-fitness-en-tunisie\/#breadcrumb","itemListElement":[{"@type":"ListItem","position":1,"name":"Accueil","item":"https:\/\/www.factory4.lu\/"},{"@type":"ListItem","position":2,"name":"Projets","item":"https:\/\/www.factory4.lu\/project\/"},{"@type":"ListItem","position":3,"name":"Retraite Fitness en Tunisie"}]},{"@type":"WebSite","@id":"https:\/\/www.factory4.lu\/#website","url":"https:\/\/www.factory4.lu\/","name":"Factory 4 SA","description":"","potentialAction":[{"@type":"SearchAction","target":{"@type":"EntryPoint","urlTemplate":"https:\/\/www.factory4.lu\/?s={search_term_string}"},"query-input":{"@type":"PropertyValueSpecification","valueRequired":true,"valueName":"search_term_string"}}],"inLanguage":"en-GB"}]}},"_links":{"self":[{"href":"https:\/\/www.factory4.lu\/en\/wp-json\/wp\/v2\/project\/56288","targetHints":{"allow":["GET"]}}],"collection":[{"href":"https:\/\/www.factory4.lu\/en\/wp-json\/wp\/v2\/project"}],"about":[{"href":"https:\/\/www.factory4.lu\/en\/wp-json\/wp\/v2\/types\/project"}],"author":[{"embeddable":true,"href":"https:\/\/www.factory4.lu\/en\/wp-json\/wp\/v2\/users\/16"}],"replies":[{"embeddable":true,"href":"https:\/\/www.factory4.lu\/en\/wp-json\/wp\/v2\/comments?post=56288"}],"version-history":[{"count":22,"href":"https:\/\/www.factory4.lu\/en\/wp-json\/wp\/v2\/project\/56288\/revisions"}],"predecessor-version":[{"id":56367,"href":"https:\/\/www.factory4.lu\/en\/wp-json\/wp\/v2\/project\/56288\/revisions\/56367"}],"wp:featuredmedia":[{"embeddable":true,"href":"https:\/\/www.factory4.lu\/en\/wp-json\/wp\/v2\/media\/55955"}],"wp:attachment":[{"href":"https:\/\/www.factory4.lu\/en\/wp-json\/wp\/v2\/media?parent=56288"}],"wp:term":[{"taxonomy":"project_category","embeddable":true,"href":"https:\/\/www.factory4.lu\/en\/wp-json\/wp\/v2\/project_category?post=56288"},{"taxonomy":"project_tag","embeddable":true,"href":"https:\/\/www.factory4.lu\/en\/wp-json\/wp\/v2\/project_tag?post=56288"}],"curies":[{"name":"wp","href":"https:\/\/api.w.org\/{rel}","templated":true}]}}